{"id":2331,"date":"2023-09-28T12:38:25","date_gmt":"2023-09-28T10:38:25","guid":{"rendered":"https:\/\/amblussemburgo.esteri.it\/?page_id=2331"},"modified":"2024-07-24T10:43:29","modified_gmt":"2024-07-24T08:43:29","slug":"aire","status":"publish","type":"page","link":"https:\/\/amblussemburgo.esteri.it\/fr\/servizi-consolari-e-visti\/servizi-per-il-cittadino-italiano\/aire\/","title":{"rendered":"AIRE"},"content":{"rendered":"<p>&nbsp;<\/p>\n<p><strong>*Ce Service Consulaire s&rsquo;engage \u00e0 traiter les d\u00e9marches dans les plus brefs d\u00e9lais, sachant que le d\u00e9lai l\u00e9gal d&rsquo;inscription et de changement d&rsquo;adresse est fix\u00e9 \u00e0 180 jours \u00e0 compter de la date de d\u00e9p\u00f4t de la demande. La mise \u00e0 jour ult\u00e9rieure de la base de donn\u00e9es du minist\u00e8re de l&rsquo;Int\u00e9rieur peut n\u00e9cessiter des d\u00e9lais variables. *<\/strong><\/p>\n<p><strong>*Pour toutes les d\u00e9marches AIRE (Fast IT and Paper), l&rsquo;attestation de r\u00e9sidence luxembourgeoise dat\u00e9e de 3 mois maximum. *<\/strong><\/p>\n<p>Il est rappel\u00e9 \u00e0 nos compatriotes qu&rsquo;\u00e0 ce Service Consulaire il est \u00e9galement possible d&rsquo;effectuer des paiements par carte de d\u00e9bit (\u00a0<strong>circuit Luxembourg V PAY<\/strong>\u00a0).<\/p>\n<p><strong>ATTENTION : Pour des raisons comptables internes, le dernier jour ouvrable de chaque trimestre (vendredi 29 mars 2024 ; vendredi 28 juin 2024 ; lundi 30 septembre 2024 ; mardi 31 d\u00e9cembre 2024), le paiement n&rsquo;est autoris\u00e9 qu&rsquo;en esp\u00e8ces.<\/strong>\u00a0Le paiement en esp\u00e8ces reste possible, au choix de l&rsquo;utilisateur, pour toutes les prestations consulaires.<\/p>\n<p>&nbsp;<\/p>\n<p><strong>\u2014\u2014\u2014\u2014\u2014\u2014\u2014\u2014\u2014\u2014\u2014\u2014\u2014\u2014\u2013<\/strong><\/p>\n<p>&nbsp;<\/p>\n<p>L&rsquo;inscription \u00e0 l&rsquo;AIRE est un droit et un devoir du citoyen (art. 6, L. 470\/1988) et constitue la condition pr\u00e9alable pour utiliser les services consulaires fournis par les postes consulaires \u00e0 l&rsquo;\u00e9tranger, ainsi que pour l&rsquo;exercice de droits importants, comme par exemple:<\/p>\n<ul>\n<li>la possibilit\u00e9 de voter par correspondance lors des \u00e9lections politiques et des r\u00e9f\u00e9rendums, vis\u00e9es aux articles 75 et 138 de la Constitution, comme le pr\u00e9voit la loi 459\/2001\u00a0;<\/li>\n<li>la possibilit\u00e9 de voter aux \u00e9lections des repr\u00e9sentants italiens au Parlement europ\u00e9en dans les bureaux de vote \u00e9tablis par le r\u00e9seau diplomatique et consulaire dans les pays de l&rsquo;UE ;<\/li>\n<li>la possibilit\u00e9 d&rsquo;obtenir la d\u00e9livrance de documents d&rsquo;identit\u00e9 et de voyage ;<\/li>\n<li>la possibilit\u00e9 de demander la d\u00e9livrance d&rsquo;attestations de comp\u00e9tence des Repr\u00e9sentations \u00e0 l&rsquo;\u00e9tranger ;<\/li>\n<li>la possibilit\u00e9 de renouveler le permis de conduire (uniquement dans les pays tiers ; pour plus de d\u00e9tails, voir la\u00a0 rubrique\u00a0<a href=\"https:\/\/www.esteri.it\/it\/servizi-consolari-e-visti\/italiani-all-estero\/autoveicoli_e_patenti\">V\u00e9hicules \u00e0 moteur &#8211; Permis de conduire<\/a>\u00a0).<\/li>\n<\/ul>\n<p><strong>Doivent s&rsquo;inscrire aupr\u00e8s de l&rsquo;AIRE\u00a0:<\/strong><\/p>\n<ul>\n<li>les citoyens qui \u00e9tablissent leur r\u00e9sidence habituelle \u00e0 l&rsquo;\u00e9tranger\u00a0;<\/li>\n<li>ceux qui y r\u00e9sident d\u00e9j\u00e0, soit parce qu&rsquo;ils sont n\u00e9s \u00e0 l&rsquo;\u00e9tranger, soit parce qu&rsquo;ils ont acquis ult\u00e9rieurement la nationalit\u00e9 italienne \u00e0 quelque titre que ce soit.<\/li>\n<\/ul>\n<p><strong>Ne sont pas oblig\u00e9s de s&rsquo;inscrire aupr\u00e8s de l&rsquo;AIRE :<\/strong><\/p>\n<ul>\n<li>les citoyens qui partent \u00e0 l&rsquo;\u00e9tranger pour une p\u00e9riode inf\u00e9rieure \u00e0 un an ;<\/li>\n<li>les travailleurs saisonniers ;<\/li>\n<li>les employ\u00e9s permanents de l&rsquo;\u00c9tat en service \u00e0 l&rsquo;\u00e9tranger, qui sont notifi\u00e9s conform\u00e9ment aux Conventions de Vienne sur les relations diplomatiques et sur les relations consulaires respectivement de 1961 et 1963\u00a0;<\/li>\n<li>les soldats italiens servant dans les bureaux et installations de l\u2019OTAN situ\u00e9s \u00e0 l\u2019\u00e9tranger.<\/li>\n<\/ul>\n<p><strong>Que se passe-t-il si vous ne vous inscrivez pas aupr\u00e8s d&rsquo;AIRE\u00a0:<\/strong><\/p>\n<p>L&rsquo;inscription \u00e0 l&rsquo;AIRE s&rsquo;effectue \u00e0 la suite d&rsquo;une d\u00e9claration que l&rsquo;int\u00e9ress\u00e9 doit faire au bureau consulaire comp\u00e9tent pour le territoire dans les 90 jours suivant le transfert de la r\u00e9sidence et entra\u00eene la radiation simultan\u00e9e du Registre de la Population R\u00e9sidente (APR) de la Commune d&rsquo;origine. Toute personne, ayant des obligations de bureau d&rsquo;enregistrement, qui contrevient aux dispositions de la loi n\u00b0 1228 du 24 d\u00e9cembre 1954, de la loi n\u00b0 470 du 27 octobre 1988 et des r\u00e8glements d&rsquo;application des lois susmentionn\u00e9es est passible d&rsquo;amendes administratives, conform\u00e9ment \u00e0 la loi n\u00b0 213 du 30 d\u00e9cembre 2023. L&rsquo;autorit\u00e9 comp\u00e9tente pour d\u00e9terminer et imposer la sanction est la municipalit\u00e9 dans le registre de laquelle le contrevenant est inscrit.<\/p>\n<p>&nbsp;<\/p>\n<p>La proc\u00e9dure de r\u00e9vision et de sanction des municipalit\u00e9s est r\u00e9gie par la loi du 24 novembre 1981, n. 689, dont l&rsquo;art. 1 pr\u00e9voit que \u00ab\u00a0Nul ne peut \u00eatre soumis \u00e0 des sanctions administratives sauf en vertu d&rsquo;une loi entr\u00e9e en vigueur avant la violation\u00a0\u00bb.<\/p>\n<p>&nbsp;<\/p>\n<p><a href=\"https:\/\/amblussemburgo.esteri.it\/fr\/servizi-consolari-e-visti\/servizi-per-il-cittadino-italiano\/aire\/inscription\/\">INSCRIPTION<\/a><\/p>\n<p><a href=\"https:\/\/amblussemburgo.esteri.it\/fr\/servizi-consolari-e-visti\/servizi-per-il-cittadino-italiano\/aire\/changement-dadresse\/\">CHANGEMENT D&rsquo;ADRESSE<\/a><\/p>\n<p><a href=\"https:\/\/amblussemburgo.esteri.it\/fr\/servizi-consolari-e-visti\/servizi-per-il-cittadino-italiano\/aire\/membres-de-laire-rapatriement\/\">RAPATRIEMENT<\/a><\/p>\n<p><a href=\"https:\/\/amblussemburgo.esteri.it\/fr\/servizi-consolari-e-visti\/servizi-per-il-cittadino-italiano\/aire\/transfert-vers-un-autre-pays-etranger\/\">TRANSFERT VERS UN AUTRE PAYS \u00c9TRANGER<\/a><\/p>\n<p><a href=\"https:\/\/amblussemburgo.esteri.it\/fr\/servizi-consolari-e-visti\/servizi-per-il-cittadino-italiano\/aire\/attestation-dinscription-au-registre-consulaire\/\">CERTIFICATION D&rsquo;INSCRIPTION AU REGISTRE CONSULAIRE<\/a><\/p>\n<p><a href=\"https:\/\/amblussemburgo.esteri.it\/fr\/servizi-consolari-e-visti\/servizi-per-il-cittadino-italiano\/aire\/changement-de-la-commune-de-reference-aire-en-italie\/\">CHANGER DE COMMUNE DE R\u00c9F\u00c9RENCE AIRE EN ITALIE<\/a><\/p>\n<p>&nbsp;<\/p>\n<p><strong>Contacts<\/strong><\/p>\n<p>T\u00e9l. (+352) 443644 \u2013 333 E-mail : aire.lux@esteri.it<\/p>\n<p><strong>D\u00c9LAI D&rsquo;INSCRIPTION EN VIGUEUR<\/strong><\/p>\n<p><strong>L&rsquo;inscription aupr\u00e8s de l&rsquo;AIRE, une fois compl\u00e9t\u00e9e, produira ses effets \u00e0 partir de la date \u00e0 laquelle le citoyen a pr\u00e9sent\u00e9 la demande au bureau consulaire<\/strong>. Il s\u2019agit d\u2019une nouvelle r\u00e9glementation \u2013 pr\u00e9vue par l\u2019art. 16 alin\u00e9a 3 du d\u00e9cret l\u00e9gislatif du 25 mars 2019 n. 22 (appel\u00e9 \u00ab\u00a0d\u00e9cret Brexit\u00a0\u00bb) entr\u00e9 en vigueur le 26 mars &#8211; qui rend la date effective de l&rsquo;enregistrement \u00e0 l\u2019Aire plus rapide et plus s\u00fbre, introduisant une simplification significative dans la relation entre l&rsquo;administration et les citoyens italiens r\u00e9sidant \u00e0 l&rsquo;\u00e9tranger.<\/p>\n<p><strong>PROC\u00c9DURE \u00c0 SUIVRE :<\/strong><\/p>\n<p>\u2013 Pour s&rsquo;inscrire \u00e0 l\u2019AIRE ou changer d&rsquo;adresse dans cette circonscription consulaire, les utilisateurs sont invit\u00e9s \u00e0 t\u00e9l\u00e9charger la documentation directement sur le portail FAST-IT (lien :\u00a0\u00a0<a href=\"https:\/\/serviziconsolarionline.esteri.it\/ScoFE\/index.sco\">https:\/\/serviziconsolarionline.esteri.it\/ScoFE\/index.sco<\/a>\u00a0).<\/p>\n<p>Vous pouvez \u00e9galement envoyer la demande par courrier (courrier recommand\u00e9 de pr\u00e9f\u00e9rence).<\/p>\n<p>T\u00e9l\u00e9chargez\u00a0\u00a0<a href=\"https:\/\/amblussemburgo.esteri.it\/it\/amministrazione-trasparente\/consulenti-e-collaboratori\/aire\/istruzioni-per-il-corretto-inserimento-di-una-pratica-aire-sul-portale-fast-it\/\"><strong>ici<\/strong><\/a>\u00a0\u00a0les instructions de cette Ambassade pour l&rsquo;insertion correcte de la candidature sur le portail FAST IT<\/p>\n","protected":false},"excerpt":{"rendered":"&nbsp; *Ce Service Consulaire s&rsquo;engage \u00e0 traiter les d\u00e9marches dans les plus brefs d\u00e9lais, sachant que le d\u00e9lai l\u00e9gal d&rsquo;inscription et de changement d&rsquo;adresse est fix\u00e9 \u00e0 180 jours \u00e0 compter de la date de d\u00e9p\u00f4t de la demande. La mise \u00e0 jour ult\u00e9rieure de la base de donn\u00e9es du minist\u00e8re de l&rsquo;Int\u00e9rieur peut n\u00e9cessiter [&hellip;]","protected":false},"author":8,"featured_media":0,"parent":182,"menu_order":0,"comment_status":"closed","ping_status":"closed","template":"","meta":{"footnotes":""},"class_list":["post-2331","page","type-page","status-publish","hentry"],"_links":{"self":[{"href":"https:\/\/amblussemburgo.esteri.it\/fr\/wp-json\/wp\/v2\/pages\/2331","targetHints":{"allow":["GET"]}}],"collection":[{"href":"https:\/\/amblussemburgo.esteri.it\/fr\/wp-json\/wp\/v2\/pages"}],"about":[{"href":"https:\/\/amblussemburgo.esteri.it\/fr\/wp-json\/wp\/v2\/types\/page"}],"author":[{"embeddable":true,"href":"https:\/\/amblussemburgo.esteri.it\/fr\/wp-json\/wp\/v2\/users\/8"}],"replies":[{"embeddable":true,"href":"https:\/\/amblussemburgo.esteri.it\/fr\/wp-json\/wp\/v2\/comments?post=2331"}],"version-history":[{"count":6,"href":"https:\/\/amblussemburgo.esteri.it\/fr\/wp-json\/wp\/v2\/pages\/2331\/revisions"}],"predecessor-version":[{"id":2375,"href":"https:\/\/amblussemburgo.esteri.it\/fr\/wp-json\/wp\/v2\/pages\/2331\/revisions\/2375"}],"up":[{"embeddable":true,"href":"https:\/\/amblussemburgo.esteri.it\/fr\/wp-json\/wp\/v2\/pages\/182"}],"wp:attachment":[{"href":"https:\/\/amblussemburgo.esteri.it\/fr\/wp-json\/wp\/v2\/media?parent=2331"}],"curies":[{"name":"wp","href":"https:\/\/api.w.org\/{rel}","templated":true}]}}